{"id":5892,"date":"2025-03-21T11:33:53","date_gmt":"2025-03-21T10:33:53","guid":{"rendered":"https:\/\/darse.fr\/v2\/?page_id=5892"},"modified":"2025-03-21T18:50:02","modified_gmt":"2025-03-21T17:50:02","slug":"retable-philippe-rigaud","status":"publish","type":"page","link":"https:\/\/darse.fr\/v2\/?page_id=5892","title":{"rendered":"Retable de Saint Maximin (Var)"},"content":{"rendered":"\n<h2 class=\"wp-block-heading has-text-align-center\">DEUX NAVIRES de l\u2019ordre de St Jean de J\u00e9rusalem (futur ordre de Malte) IDENTIFIES <\/h2>\n\n\n\n<h2 class=\"wp-block-heading has-text-align-center\">SUR UN RETABLE<\/h2>\n\n\n\n<h2 class=\"wp-block-heading has-text-align-center\">DU XVI\u00e8me SIECLE<\/h2>\n\n\n\n<h5 class=\"wp-block-heading has-text-align-center\">Pr\u00e9sentation<\/h5>\n\n\n\n<div data-wp-interactive=\"core\/file\" class=\"wp-block-file\"><object data-wp-bind--hidden=\"!state.hasPdfPreview\" hidden class=\"wp-block-file__embed\" data=\"https:\/\/darse.fr\/v2\/wp-content\/uploads\/2025\/03\/Presentation-articles_Retable-St-Maximin_Philippe-Rigaud.pdf\" type=\"application\/pdf\" style=\"width:100%;height:610px\" aria-label=\"Contenu embarqu\u00e9 Pre\u0301sentation articles_Retable St Maximin_Philippe Rigaud.\"><\/object><a id=\"wp-block-file--media-63ad1508-7816-4f69-a855-85a25c239a04\" href=\"https:\/\/darse.fr\/v2\/wp-content\/uploads\/2025\/03\/Presentation-articles_Retable-St-Maximin_Philippe-Rigaud.pdf\">Pre\u0301sentation articles_Retable St Maximin_Philippe Rigaud<\/a><a href=\"https:\/\/darse.fr\/v2\/wp-content\/uploads\/2025\/03\/Presentation-articles_Retable-St-Maximin_Philippe-Rigaud.pdf\" class=\"wp-block-file__button wp-element-button\" download aria-describedby=\"wp-block-file--media-63ad1508-7816-4f69-a855-85a25c239a04\">T\u00e9l\u00e9charger<\/a><\/div>\n\n\n\n<div style=\"height:29px\" aria-hidden=\"true\" class=\"wp-block-spacer\"><\/div>\n\n\n\n<h5 class=\"wp-block-heading has-text-align-center\">Article publi\u00e9 en 1991<\/h5>\n\n\n\n<div data-wp-interactive=\"core\/file\" class=\"wp-block-file\"><object data-wp-bind--hidden=\"!state.hasPdfPreview\" hidden class=\"wp-block-file__embed\" data=\"https:\/\/darse.fr\/v2\/wp-content\/uploads\/2025\/03\/ARTICLE-PUBLIE-EN-1991_Philippe-Rigaud.pdf\" type=\"application\/pdf\" style=\"width:100%;height:600px\" aria-label=\"Contenu embarqu\u00e9 ARTICLE PUBLIE EN 1991_Philippe Rigaud.\"><\/object><a id=\"wp-block-file--media-2c020594-4b23-44ca-83be-8a360c45b60f\" href=\"https:\/\/darse.fr\/v2\/wp-content\/uploads\/2025\/03\/ARTICLE-PUBLIE-EN-1991_Philippe-Rigaud.pdf\">ARTICLE PUBLIE EN 1991_Philippe Rigaud<\/a><a href=\"https:\/\/darse.fr\/v2\/wp-content\/uploads\/2025\/03\/ARTICLE-PUBLIE-EN-1991_Philippe-Rigaud.pdf\" class=\"wp-block-file__button wp-element-button\" download aria-describedby=\"wp-block-file--media-2c020594-4b23-44ca-83be-8a360c45b60f\">T\u00e9l\u00e9charger<\/a><\/div>\n\n\n\n<div style=\"height:34px\" aria-hidden=\"true\" class=\"wp-block-spacer\"><\/div>\n\n\n\n<h5 class=\"wp-block-heading has-text-align-center\">L&rsquo;\u00e9pave des Marini\u00e8res \u00e0 Villefranche-sur-Mer est-elle la carraque royale <em>Charente<\/em> ? (1490 &#8211; 1508)<\/h5>\n\n\n\n<h5 class=\"wp-block-heading has-text-align-center\">publi\u00e9 en 2022<\/h5>\n\n\n\n<div data-wp-interactive=\"core\/file\" class=\"wp-block-file\"><object data-wp-bind--hidden=\"!state.hasPdfPreview\" hidden class=\"wp-block-file__embed\" data=\"https:\/\/darse.fr\/v2\/wp-content\/uploads\/2025\/03\/RAAS-1-Article-Lepave-des-M-arinieres-a-Villefranche.pdf\" type=\"application\/pdf\" style=\"width:100%;height:990px\" aria-label=\"Contenu embarqu\u00e9 RAAS 1 Article L&#039;e?pave des M  arinie\u0300res a\u0300 Villefranche.\"><\/object><a id=\"wp-block-file--media-0144d6ac-38a7-491b-9392-05d3997ac9db\" href=\"https:\/\/darse.fr\/v2\/wp-content\/uploads\/2025\/03\/RAAS-1-Article-Lepave-des-M-arinieres-a-Villefranche.pdf\">RAAS 1 Article L&rsquo;e?pave des M  arinie\u0300res a\u0300 Villefranche<\/a><a href=\"https:\/\/darse.fr\/v2\/wp-content\/uploads\/2025\/03\/RAAS-1-Article-Lepave-des-M-arinieres-a-Villefranche.pdf\" class=\"wp-block-file__button wp-element-button\" download aria-describedby=\"wp-block-file--media-0144d6ac-38a7-491b-9392-05d3997ac9db\">T\u00e9l\u00e9charger<\/a><\/div>\n","protected":false},"excerpt":{"rendered":"<p>DEUX NAVIRES de l\u2019ordre de St Jean de J\u00e9rusalem (futur ordre de Malte) IDENTIFIES SUR &hellip;<\/p>\n","protected":false},"author":1,"featured_media":0,"parent":0,"menu_order":0,"comment_status":"closed","ping_status":"closed","template":"","meta":{"footnotes":""},"class_list":["post-5892","page","type-page","status-publish","hentry"],"jetpack_sharing_enabled":true,"_links":{"self":[{"href":"https:\/\/darse.fr\/v2\/index.php?rest_route=\/wp\/v2\/pages\/5892","targetHints":{"allow":["GET"]}}],"collection":[{"href":"https:\/\/darse.fr\/v2\/index.php?rest_route=\/wp\/v2\/pages"}],"about":[{"href":"https:\/\/darse.fr\/v2\/index.php?rest_route=\/wp\/v2\/types\/page"}],"author":[{"embeddable":true,"href":"https:\/\/darse.fr\/v2\/index.php?rest_route=\/wp\/v2\/users\/1"}],"replies":[{"embeddable":true,"href":"https:\/\/darse.fr\/v2\/index.php?rest_route=%2Fwp%2Fv2%2Fcomments&post=5892"}],"version-history":[{"count":14,"href":"https:\/\/darse.fr\/v2\/index.php?rest_route=\/wp\/v2\/pages\/5892\/revisions"}],"predecessor-version":[{"id":5921,"href":"https:\/\/darse.fr\/v2\/index.php?rest_route=\/wp\/v2\/pages\/5892\/revisions\/5921"}],"wp:attachment":[{"href":"https:\/\/darse.fr\/v2\/index.php?rest_route=%2Fwp%2Fv2%2Fmedia&parent=5892"}],"curies":[{"name":"wp","href":"https:\/\/api.w.org\/{rel}","templated":true}]}}