{"id":993,"date":"2022-10-23T20:03:33","date_gmt":"2022-10-23T18:03:33","guid":{"rendered":"https:\/\/darse.fr\/v2\/?page_id=993"},"modified":"2023-02-07T17:58:38","modified_gmt":"2023-02-07T16:58:38","slug":"coupures-de-presse","status":"publish","type":"page","link":"https:\/\/darse.fr\/v2\/?page_id=993","title":{"rendered":"Coupures de presse"},"content":{"rendered":"\r\n<h1 class=\"has-text-align-center wp-block-heading\">ARTICLES PARUS DANS LA PRESSE LOCALE<\/h1>\r\n\r\n\r\n\r\n<p>&nbsp;<\/p>\r\n<figure class=\"wp-block-image aligncenter size-large border-radius:100px\"><img data-recalc-dims=\"1\" loading=\"lazy\" decoding=\"async\" class=\"border-radius: 30px; aligncenter wp-image-994\" src=\"https:\/\/i0.wp.com\/darse.fr\/v2\/wp-content\/uploads\/2022\/10\/interview_JM_nice_matin_090116.jpeg?resize=632%2C651&#038;ssl=1\" alt=\"\" width=\"632\" height=\"651\" \/><\/figure>\r\n\r\n\r\n\r\n<p>&nbsp;<\/p>\r\n<figure class=\"wp-block-image aligncenter size-full is-resized\"><img data-recalc-dims=\"1\" loading=\"lazy\" decoding=\"async\" class=\"wp-image-995 aligncenter\" src=\"https:\/\/i0.wp.com\/darse.fr\/v2\/wp-content\/uploads\/2022\/10\/Defendre-le-patrimoine-maritime_nice-matin-fpmm.jpeg?resize=632%2C651&#038;ssl=1\" alt=\"\" width=\"632\" height=\"651\" srcset=\"https:\/\/i0.wp.com\/darse.fr\/v2\/wp-content\/uploads\/2022\/10\/Defendre-le-patrimoine-maritime_nice-matin-fpmm.jpeg?w=551&amp;ssl=1 551w, https:\/\/i0.wp.com\/darse.fr\/v2\/wp-content\/uploads\/2022\/10\/Defendre-le-patrimoine-maritime_nice-matin-fpmm.jpeg?resize=291%2C300&amp;ssl=1 291w\" sizes=\"auto, (max-width: 632px) 100vw, 632px\" \/><\/figure>\r\n\r\n\r\n<div class=\"wp-block-image\">\r\n<figure class=\"aligncenter size-large is-resized\"><img data-recalc-dims=\"1\" loading=\"lazy\" decoding=\"async\" class=\"wp-image-996 aligncenter\" src=\"https:\/\/i0.wp.com\/darse.fr\/v2\/wp-content\/uploads\/2022\/10\/la-Darse_nice-matin-20-06-14-article-darse.jpeg?resize=632%2C651&#038;ssl=1\" alt=\"\" width=\"632\" height=\"651\" \/><\/figure><\/div>\r\n\r\n<div class=\"wp-block-image\">\r\n<figure class=\"aligncenter size-large\"><img data-recalc-dims=\"1\" loading=\"lazy\" decoding=\"async\" class=\"wp-image-997 aligncenter\" src=\"https:\/\/i0.wp.com\/darse.fr\/v2\/wp-content\/uploads\/2022\/10\/Le-patrimoine-maritime_nice-matin-5-avril-2013.jpeg?resize=632%2C651&#038;ssl=1\" alt=\"\" width=\"632\" height=\"651\" \/><\/figure><\/div>\r\n\r\n<div class=\"wp-block-image\">\r\n<figure class=\"aligncenter size-full\"><img data-recalc-dims=\"1\" loading=\"lazy\" decoding=\"async\" width=\"551\" height=\"686\" class=\"wp-image-998 aligncenter\" src=\"https:\/\/i0.wp.com\/darse.fr\/v2\/wp-content\/uploads\/2022\/10\/lhistoire-maritime-de-la-commune_nice-matin-bottaro.jpeg?resize=551%2C686&#038;ssl=1\" alt=\"\" srcset=\"https:\/\/i0.wp.com\/darse.fr\/v2\/wp-content\/uploads\/2022\/10\/lhistoire-maritime-de-la-commune_nice-matin-bottaro.jpeg?w=551&amp;ssl=1 551w, https:\/\/i0.wp.com\/darse.fr\/v2\/wp-content\/uploads\/2022\/10\/lhistoire-maritime-de-la-commune_nice-matin-bottaro.jpeg?resize=241%2C300&amp;ssl=1 241w\" sizes=\"auto, (max-width: 551px) 100vw, 551px\" \/><\/figure><\/div>\r\n\r\n<div class=\"wp-block-image\">\r\n<figure class=\"aligncenter size-full\"><img data-recalc-dims=\"1\" loading=\"lazy\" decoding=\"async\" width=\"472\" height=\"554\" class=\"wp-image-999 aligncenter\" src=\"https:\/\/i0.wp.com\/darse.fr\/v2\/wp-content\/uploads\/2022\/10\/nice-matin-ag-2012_une-ecole-des-metiers-de-la-mer.jpeg?resize=472%2C554&#038;ssl=1\" alt=\"\" srcset=\"https:\/\/i0.wp.com\/darse.fr\/v2\/wp-content\/uploads\/2022\/10\/nice-matin-ag-2012_une-ecole-des-metiers-de-la-mer.jpeg?w=472&amp;ssl=1 472w, https:\/\/i0.wp.com\/darse.fr\/v2\/wp-content\/uploads\/2022\/10\/nice-matin-ag-2012_une-ecole-des-metiers-de-la-mer.jpeg?resize=256%2C300&amp;ssl=1 256w\" sizes=\"auto, (max-width: 472px) 100vw, 472px\" \/><\/figure><\/div>\r\n\r\n<div class=\"wp-block-image\">\r\n<figure class=\"aligncenter size-full\"><img data-recalc-dims=\"1\" loading=\"lazy\" decoding=\"async\" width=\"551\" height=\"505\" class=\"wp-image-1000 aligncenter\" src=\"https:\/\/i0.wp.com\/darse.fr\/v2\/wp-content\/uploads\/2022\/10\/nice-matin-conference-duliere-2.jpeg?resize=551%2C505&#038;ssl=1\" alt=\"\" srcset=\"https:\/\/i0.wp.com\/darse.fr\/v2\/wp-content\/uploads\/2022\/10\/nice-matin-conference-duliere-2.jpeg?w=551&amp;ssl=1 551w, https:\/\/i0.wp.com\/darse.fr\/v2\/wp-content\/uploads\/2022\/10\/nice-matin-conference-duliere-2.jpeg?resize=300%2C275&amp;ssl=1 300w, https:\/\/i0.wp.com\/darse.fr\/v2\/wp-content\/uploads\/2022\/10\/nice-matin-conference-duliere-2.jpeg?resize=327%2C300&amp;ssl=1 327w\" sizes=\"auto, (max-width: 551px) 100vw, 551px\" \/><\/figure><\/div>\r\n\r\n<div class=\"wp-block-image\">\r\n<figure class=\"aligncenter size-full\"><img data-recalc-dims=\"1\" loading=\"lazy\" decoding=\"async\" width=\"551\" height=\"248\" class=\"wp-image-1001 aligncenter\" src=\"https:\/\/i0.wp.com\/darse.fr\/v2\/wp-content\/uploads\/2022\/10\/nice-matin-genes.jpeg?resize=551%2C248&#038;ssl=1\" alt=\"\" srcset=\"https:\/\/i0.wp.com\/darse.fr\/v2\/wp-content\/uploads\/2022\/10\/nice-matin-genes.jpeg?w=551&amp;ssl=1 551w, https:\/\/i0.wp.com\/darse.fr\/v2\/wp-content\/uploads\/2022\/10\/nice-matin-genes.jpeg?resize=300%2C135&amp;ssl=1 300w, https:\/\/i0.wp.com\/darse.fr\/v2\/wp-content\/uploads\/2022\/10\/nice-matin-genes.jpeg?resize=358%2C161&amp;ssl=1 358w\" sizes=\"auto, (max-width: 551px) 100vw, 551px\" \/><\/figure><\/div>\r\n\r\n<div class=\"wp-block-image\">\r\n<figure class=\"aligncenter size-large\"><img data-recalc-dims=\"1\" loading=\"lazy\" decoding=\"async\" width=\"442\" height=\"1024\" class=\"wp-image-1002 aligncenter\" src=\"https:\/\/i0.wp.com\/darse.fr\/v2\/wp-content\/uploads\/2022\/10\/Nos-tresors_nice-matin-voutes-mergees.jpeg?resize=442%2C1024&#038;ssl=1\" alt=\"\" srcset=\"https:\/\/i0.wp.com\/darse.fr\/v2\/wp-content\/uploads\/2022\/10\/Nos-tresors_nice-matin-voutes-mergees.jpeg?resize=442%2C1024&amp;ssl=1 442w, https:\/\/i0.wp.com\/darse.fr\/v2\/wp-content\/uploads\/2022\/10\/Nos-tresors_nice-matin-voutes-mergees.jpeg?resize=129%2C300&amp;ssl=1 129w, https:\/\/i0.wp.com\/darse.fr\/v2\/wp-content\/uploads\/2022\/10\/Nos-tresors_nice-matin-voutes-mergees.jpeg?w=638&amp;ssl=1 638w\" sizes=\"auto, (max-width: 442px) 100vw, 442px\" \/><\/figure><\/div>\r\n\r\n<div class=\"wp-block-image\">\r\n<figure class=\"aligncenter size-large\"><img data-recalc-dims=\"1\" loading=\"lazy\" decoding=\"async\" width=\"1024\" height=\"449\" class=\"wp-image-1003 aligncenter\" src=\"https:\/\/i0.wp.com\/darse.fr\/v2\/wp-content\/uploads\/2022\/10\/Trinquette_nice-matin-13-12-2014-archeam.jpeg?resize=1024%2C449&#038;ssl=1\" alt=\"\" srcset=\"https:\/\/i0.wp.com\/darse.fr\/v2\/wp-content\/uploads\/2022\/10\/Trinquette_nice-matin-13-12-2014-archeam-scaled.jpeg?resize=1024%2C449&amp;ssl=1 1024w, https:\/\/i0.wp.com\/darse.fr\/v2\/wp-content\/uploads\/2022\/10\/Trinquette_nice-matin-13-12-2014-archeam-scaled.jpeg?resize=300%2C131&amp;ssl=1 300w, https:\/\/i0.wp.com\/darse.fr\/v2\/wp-content\/uploads\/2022\/10\/Trinquette_nice-matin-13-12-2014-archeam-scaled.jpeg?resize=768%2C336&amp;ssl=1 768w, https:\/\/i0.wp.com\/darse.fr\/v2\/wp-content\/uploads\/2022\/10\/Trinquette_nice-matin-13-12-2014-archeam-scaled.jpeg?resize=1536%2C673&amp;ssl=1 1536w, https:\/\/i0.wp.com\/darse.fr\/v2\/wp-content\/uploads\/2022\/10\/Trinquette_nice-matin-13-12-2014-archeam-scaled.jpeg?resize=2048%2C897&amp;ssl=1 2048w, https:\/\/i0.wp.com\/darse.fr\/v2\/wp-content\/uploads\/2022\/10\/Trinquette_nice-matin-13-12-2014-archeam-scaled.jpeg?resize=358%2C157&amp;ssl=1 358w, https:\/\/i0.wp.com\/darse.fr\/v2\/wp-content\/uploads\/2022\/10\/Trinquette_nice-matin-13-12-2014-archeam-scaled.jpeg?w=2498&amp;ssl=1 2498w\" sizes=\"auto, (max-width: 1024px) 100vw, 1024px\" \/><\/figure><\/div>\r\n\r\n\r\n<h1 class=\"has-text-align-center wp-block-heading\">TROPHEE PASQUI<\/h1>\r\n\r\n\r\n\r\n<h3 class=\"wp-block-heading\">R\u00e9gates de Nice et Troph\u00e9e Pasqui<\/h3>\r\n\r\n\r\n\r\n<p>L\u2019ASPMV a \u00e9t\u00e9 pr\u00e9sente du mercredi 18 au samedi 21 septembre 2013 sur le port de Nice \u00e0 l\u2019occasion des R\u00e9gates et du Troph\u00e9e Pasqui. Durant les journ\u00e9es du jeudi et du vendredi, des \u00e9l\u00e8ves des coll\u00e8ges de Port Lympia et de S\u00e9gurane et leurs accompagnants ont pu s\u2019initier lors d\u2019ateliers corderie sur le stand \u00e0 la fabrication d\u2019aussi\u00e8res.<\/p>\r\n\r\n\r\n\r\n<p>En dehors du temps scolaire le grand public a eu lui aussi l\u2019occasion de fabriquer des cordages. Lors de cette manifestation r\u00e9unissant des passionn\u00e9s des vieux gr\u00e9ements, Florence Arthaud nous a fait le plaisir de venir \u00e0 notre stand rencontrer Jo Masnata, une vieille connaissance.<\/p>\r\n\r\n\r\n<div class=\"wp-block-image\">\r\n<figure class=\"aligncenter size-large\"><img data-recalc-dims=\"1\" loading=\"lazy\" decoding=\"async\" width=\"1024\" height=\"673\" class=\"wp-image-1008\" src=\"https:\/\/i0.wp.com\/darse.fr\/v2\/wp-content\/uploads\/2022\/10\/florence-arthaud-au-t.-pasqui.jpg?resize=1024%2C673&#038;ssl=1\" alt=\"\" srcset=\"https:\/\/i0.wp.com\/darse.fr\/v2\/wp-content\/uploads\/2022\/10\/florence-arthaud-au-t.-pasqui.jpg?resize=1024%2C673&amp;ssl=1 1024w, https:\/\/i0.wp.com\/darse.fr\/v2\/wp-content\/uploads\/2022\/10\/florence-arthaud-au-t.-pasqui.jpg?resize=300%2C197&amp;ssl=1 300w, https:\/\/i0.wp.com\/darse.fr\/v2\/wp-content\/uploads\/2022\/10\/florence-arthaud-au-t.-pasqui.jpg?resize=768%2C505&amp;ssl=1 768w, https:\/\/i0.wp.com\/darse.fr\/v2\/wp-content\/uploads\/2022\/10\/florence-arthaud-au-t.-pasqui.jpg?resize=1536%2C1009&amp;ssl=1 1536w, https:\/\/i0.wp.com\/darse.fr\/v2\/wp-content\/uploads\/2022\/10\/florence-arthaud-au-t.-pasqui.jpg?resize=358%2C235&amp;ssl=1 358w, https:\/\/i0.wp.com\/darse.fr\/v2\/wp-content\/uploads\/2022\/10\/florence-arthaud-au-t.-pasqui.jpg?w=1712&amp;ssl=1 1712w\" sizes=\"auto, (max-width: 1024px) 100vw, 1024px\" \/><\/figure><\/div>\r\n\r\n\r\n<div class=\"wp-block-spacer\" style=\"height: 52px;\" aria-hidden=\"true\">\u00a0<\/div>\r\n\r\n\r\n\r\n<h1 class=\"has-text-align-center wp-block-heading\">CONCOURS MEMOIRE DES PORTS DE MEDITERRANEE 2013<\/h1>\r\n\r\n\r\n<div class=\"wp-block-image\">\r\n<figure class=\"aligncenter\"><img data-recalc-dims=\"1\" decoding=\"async\" src=\"https:\/\/i0.wp.com\/darse.fr\/images\/stories\/claire\/gargoulette%202.jpg?w=1249&#038;ssl=1\" alt=\"\" \/><\/figure><\/div>\r\n\r\n\r\n<h3 class=\"wp-block-heading\">R\u00e9sultat du concours: M\u00e9moire des ports de M\u00e9diterran\u00e9e<\/h3>\r\n\r\n\r\n\r\n<p>A l&rsquo;occasion des c\u00e9l\u00e9brations de \u00ab\u00a0Marseille capitale de la culture 2013&Prime;, la F\u00e9d\u00e9ration du patrimoine maritime m\u00e9diterran\u00e9en (FPMM) a organis\u00e9 parmi ses associations membres, un concours intitul\u00e9 \u00a0\u00bb M\u00e9moire des ports m\u00e9diterran\u00e9ens\u00a0\u00bb.<\/p>\r\n\r\n\r\n\r\n<p>Vingt six associations des ports des rives nord et sud de la M\u00e9diterran\u00e9e (France, Italie, Croatie, Tunisie) ont concouru. Treize ont \u00e9t\u00e9 s\u00e9lectionn\u00e9es, dont notre association, l&rsquo;ASPMV, ainsi que celle de la Mouette de Nice, les deux en partenariat avec la Chambre de Commerce et d&rsquo;Industrie de Nice.<\/p>\r\n\r\n\r\n\r\n<p>L&rsquo;enjeu du concours \u00e9tait d&rsquo;obtenir de ces diff\u00e9rentes associations, des informations ainsi que des illustrations t\u00e9moignant \u00e0 la fois de l&rsquo;histoire et de la vitalit\u00e9 de ces ports. Le but final \u00e9tait la production de panneaux destin\u00e9s \u00e0 une exposition itin\u00e9rante ainsi que celle d&rsquo;un film de 12 minutes.<\/p>\r\n\r\n\r\n\r\n<p>Les r\u00e9sultats ont \u00e9t\u00e9 proclam\u00e9s le 21 Novembre 2013, \u00e0 l&rsquo;h\u00f4tel de R\u00e9gion de Marseille, dans le cadre des Journ\u00e9es de la mer 2013. L\u2019ASPMV repr\u00e9sent\u00e9e par Michelle Icard et Jo Masnata a assist\u00e9 au colloque et \u00e0 la remise des prix.<\/p>\r\n\r\n\r\n\r\n<p>Apr\u00e8s de longues d\u00e9lib\u00e9rations le jury de la FPMM a d\u00e9cid\u00e9 d&rsquo;attribuer des premiers prix ex aequo avec une mention sp\u00e9ciale pour le port de Cesenatico sur l&rsquo;Adriatique qui peut s&rsquo;enorgueillir d&rsquo;\u00e9tudes pour la construction d&rsquo;un canal, datant du 16\u00b0 si\u00e8cle et faites par un d\u00e9nomm\u00e9 Leonardo da Vinci!<\/p>\r\n\r\n\r\n\r\n<p>Outre la consid\u00e9ration du jury et du public, chaque association membre de la FPMM, a re\u00e7u en cadeau une \u00ab\u00a0gargoulette\u00a0\u00bb de Kerkena, Tunisie.<\/p>\r\n\r\n\r\n\r\n<p><strong>Pour voir les panneaux r\u00e9alis\u00e9s par notre association pour ce concours<\/strong>,\u00a0<a href=\"https:\/\/darse.fr\/v2\/?page_id=2077\">cliquer ici<\/a><\/p>\r\n\r\n\r\n\r\n<h3 class=\"wp-block-heading\">La p\u00eache \u00e0 la gargoulette.<\/h3>\r\n\r\n\r\n\r\n<p><img data-recalc-dims=\"1\" decoding=\"async\" style=\"width: 300px;\" src=\"https:\/\/i0.wp.com\/darse.fr\/images\/stories\/jpg\/gargoulette1.jpg?w=1249&#038;ssl=1\" alt=\"\" \/>Les gargoulettes, vases en terre cuite, servent \u00e0 attraper les\u00a0 poulpes en Afrique du nord. En paquet de trois \u00e0 quatre douzaines, elles sont amarr\u00e9es par leur col, en chapelet, \u00e0 une distance de 6 \u00e0 8 m\u00e8tres. Elles sont mouill\u00e9es dans des fonds connus des seuls p\u00eacheurs locaux. Cette p\u00eache est en effet rigoureusement r\u00e9glement\u00e9e: elle est interdite en p\u00e9riode de reproduction et s&rsquo;\u00e9chelonne de fin octobre \u00e0 fin avril. Les prises doivent au moins peser un kilo. On raconte que cette p\u00eache aurait commenc\u00e9 \u00e0 l&rsquo;\u00e9poque o\u00f9 l&rsquo;on r\u00e9cup\u00e9rait les amphores vides.<\/p>\r\n\r\n\r\n\r\n<p>Sur nos c\u00f4tes, malheureusement, les p\u00eacheurs amateurs connaissent mal la r\u00e9glementation de la p\u00eache de loisir. Les jeunes poulpes peu prudents et les adultes finissent souvent \u00e0 la casserole depuis que leur conservation au froid attendrit leur chair.<\/p>\r\n\r\n\r\n\r\n<p>La faute \u00e0 qui ? Au l\u00e9gislateur ou au cong\u00e9lateur ?<\/p>\r\n\r\n\r\n\r\n<div class=\"wp-block-spacer\" style=\"height: 100px;\" aria-hidden=\"true\">\u00a0<\/div>\r\n","protected":false},"excerpt":{"rendered":"<p>ARTICLES PARUS DANS LA PRESSE LOCALE TROPHEE PASQUI R\u00e9gates de Nice et Troph\u00e9e Pasqui L\u2019ASPMV &hellip;<\/p>\n","protected":false},"author":1,"featured_media":0,"parent":0,"menu_order":0,"comment_status":"closed","ping_status":"closed","template":"","meta":{"footnotes":""},"class_list":["post-993","page","type-page","status-publish","hentry"],"jetpack_sharing_enabled":true,"_links":{"self":[{"href":"https:\/\/darse.fr\/v2\/index.php?rest_route=\/wp\/v2\/pages\/993","targetHints":{"allow":["GET"]}}],"collection":[{"href":"https:\/\/darse.fr\/v2\/index.php?rest_route=\/wp\/v2\/pages"}],"about":[{"href":"https:\/\/darse.fr\/v2\/index.php?rest_route=\/wp\/v2\/types\/page"}],"author":[{"embeddable":true,"href":"https:\/\/darse.fr\/v2\/index.php?rest_route=\/wp\/v2\/users\/1"}],"replies":[{"embeddable":true,"href":"https:\/\/darse.fr\/v2\/index.php?rest_route=%2Fwp%2Fv2%2Fcomments&post=993"}],"version-history":[{"count":25,"href":"https:\/\/darse.fr\/v2\/index.php?rest_route=\/wp\/v2\/pages\/993\/revisions"}],"predecessor-version":[{"id":3801,"href":"https:\/\/darse.fr\/v2\/index.php?rest_route=\/wp\/v2\/pages\/993\/revisions\/3801"}],"wp:attachment":[{"href":"https:\/\/darse.fr\/v2\/index.php?rest_route=%2Fwp%2Fv2%2Fmedia&parent=993"}],"curies":[{"name":"wp","href":"https:\/\/api.w.org\/{rel}","templated":true}]}}